{"id":10869,"date":"2023-11-24T12:35:15","date_gmt":"2023-11-24T12:35:15","guid":{"rendered":"https:\/\/www.mcasablancas.com\/seguros\/incapacitat-laboral-temporal-de-musics-i-artistes\/"},"modified":"2024-03-26T12:21:05","modified_gmt":"2024-03-26T12:21:05","slug":"incapacitat-laboral-temporal-de-musics-i-artistes","status":"publish","type":"seguros","link":"https:\/\/www.mcasablancas.com\/ca\/assegurances\/incapacitat-laboral-temporal-de-musics-i-artistes\/","title":{"rendered":"Incapacitat laboral temporal de m\u00fasics i artistes"},"content":{"rendered":"","protected":false},"excerpt":{"rendered":"<p>Asseguran\u00e7a imprescindible per a m\u00fasics i artistes que treballen per compte propi<\/p>\n","protected":false},"featured_media":10861,"template":"","class_list":["post-10869","seguros","type-seguros","status-publish","has-post-thumbnail","hentry"],"yoast_head":"<!-- This site is optimized with the Yoast SEO plugin v26.9 - https:\/\/yoast.com\/product\/yoast-seo-wordpress\/ -->\n<title>Incapacitat laboral temporal de m\u00fasics i artistes - Corredur\u00eda Casablancas<\/title>\n<meta name=\"robots\" content=\"index, follow, max-snippet:-1, max-image-preview:large, max-video-preview:-1\" \/>\n<link rel=\"canonical\" href=\"https:\/\/www.mcasablancas.com\/ca\/assegurances\/incapacitat-laboral-temporal-de-musics-i-artistes\/\" \/>\n<meta property=\"og:locale\" content=\"ca_ES\" \/>\n<meta property=\"og:type\" content=\"article\" \/>\n<meta property=\"og:title\" content=\"Incapacitat laboral temporal de m\u00fasics i artistes - Corredur\u00eda Casablancas\" \/>\n<meta property=\"og:description\" content=\"Asseguran\u00e7a imprescindible per a m\u00fasics i artistes que treballen per compte propi\" \/>\n<meta property=\"og:url\" content=\"https:\/\/www.mcasablancas.com\/ca\/assegurances\/incapacitat-laboral-temporal-de-musics-i-artistes\/\" \/>\n<meta property=\"og:site_name\" content=\"Corredur\u00eda Casablancas\" \/>\n<meta property=\"article:publisher\" content=\"https:\/\/www.facebook.com\/CasablancasSeguros\/\" \/>\n<meta property=\"article:modified_time\" content=\"2024-03-26T12:21:05+00:00\" \/>\n<meta property=\"og:image\" content=\"https:\/\/www.mcasablancas.com\/wp-content\/uploads\/2023\/11\/Incapacidad-laboral.png\" \/>\n\t<meta property=\"og:image:width\" content=\"1717\" \/>\n\t<meta property=\"og:image:height\" content=\"1162\" \/>\n\t<meta property=\"og:image:type\" content=\"image\/png\" \/>\n<meta name=\"twitter:card\" content=\"summary_large_image\" \/>\n<meta name=\"twitter:site\" content=\"@casablancas_cb\" \/>\n<meta name=\"twitter:label1\" content=\"Temps estimat de lectura\" \/>\n\t<meta name=\"twitter:data1\" content=\"1 minut\" \/>\n<script type=\"application\/ld+json\" class=\"yoast-schema-graph\">{\"@context\":\"https:\/\/schema.org\",\"@graph\":[{\"@type\":\"WebPage\",\"@id\":\"https:\/\/www.mcasablancas.com\/ca\/assegurances\/incapacitat-laboral-temporal-de-musics-i-artistes\/\",\"url\":\"https:\/\/www.mcasablancas.com\/ca\/assegurances\/incapacitat-laboral-temporal-de-musics-i-artistes\/\",\"name\":\"Incapacitat laboral temporal de m\u00fasics i artistes - Corredur\u00eda Casablancas\",\"isPartOf\":{\"@id\":\"https:\/\/www.mcasablancas.com\/ca\/#website\"},\"primaryImageOfPage\":{\"@id\":\"https:\/\/www.mcasablancas.com\/ca\/assegurances\/incapacitat-laboral-temporal-de-musics-i-artistes\/#primaryimage\"},\"image\":{\"@id\":\"https:\/\/www.mcasablancas.com\/ca\/assegurances\/incapacitat-laboral-temporal-de-musics-i-artistes\/#primaryimage\"},\"thumbnailUrl\":\"https:\/\/www.mcasablancas.com\/wp-content\/uploads\/2023\/11\/Incapacidad-laboral.png\",\"datePublished\":\"2023-11-24T12:35:15+00:00\",\"dateModified\":\"2024-03-26T12:21:05+00:00\",\"breadcrumb\":{\"@id\":\"https:\/\/www.mcasablancas.com\/ca\/assegurances\/incapacitat-laboral-temporal-de-musics-i-artistes\/#breadcrumb\"},\"inLanguage\":\"ca\",\"potentialAction\":[{\"@type\":\"ReadAction\",\"target\":[\"https:\/\/www.mcasablancas.com\/ca\/assegurances\/incapacitat-laboral-temporal-de-musics-i-artistes\/\"]}]},{\"@type\":\"ImageObject\",\"inLanguage\":\"ca\",\"@id\":\"https:\/\/www.mcasablancas.com\/ca\/assegurances\/incapacitat-laboral-temporal-de-musics-i-artistes\/#primaryimage\",\"url\":\"https:\/\/www.mcasablancas.com\/wp-content\/uploads\/2023\/11\/Incapacidad-laboral.png\",\"contentUrl\":\"https:\/\/www.mcasablancas.com\/wp-content\/uploads\/2023\/11\/Incapacidad-laboral.png\",\"width\":1717,\"height\":1162},{\"@type\":\"BreadcrumbList\",\"@id\":\"https:\/\/www.mcasablancas.com\/ca\/assegurances\/incapacitat-laboral-temporal-de-musics-i-artistes\/#breadcrumb\",\"itemListElement\":[{\"@type\":\"ListItem\",\"position\":1,\"name\":\"Inici\",\"item\":\"https:\/\/www.mcasablancas.com\/ca\/\"},{\"@type\":\"ListItem\",\"position\":2,\"name\":\"Seguros\",\"item\":\"https:\/\/www.mcasablancas.com\/ca\/assegurances\/\"},{\"@type\":\"ListItem\",\"position\":3,\"name\":\"Incapacitat laboral temporal de m\u00fasics i artistes\"}]},{\"@type\":\"WebSite\",\"@id\":\"https:\/\/www.mcasablancas.com\/ca\/#website\",\"url\":\"https:\/\/www.mcasablancas.com\/ca\/\",\"name\":\"Corredur\u00eda Casablancas\",\"description\":\"Seguros para Instrumentos Musicales, Arte y Cultura\",\"publisher\":{\"@id\":\"https:\/\/www.mcasablancas.com\/ca\/#organization\"},\"potentialAction\":[{\"@type\":\"SearchAction\",\"target\":{\"@type\":\"EntryPoint\",\"urlTemplate\":\"https:\/\/www.mcasablancas.com\/ca\/?s={search_term_string}\"},\"query-input\":{\"@type\":\"PropertyValueSpecification\",\"valueRequired\":true,\"valueName\":\"search_term_string\"}}],\"inLanguage\":\"ca\"},{\"@type\":\"Organization\",\"@id\":\"https:\/\/www.mcasablancas.com\/ca\/#organization\",\"name\":\"Corredur\u00eda Casablancas\",\"url\":\"https:\/\/www.mcasablancas.com\/ca\/\",\"logo\":{\"@type\":\"ImageObject\",\"inLanguage\":\"ca\",\"@id\":\"https:\/\/www.mcasablancas.com\/ca\/#\/schema\/logo\/image\/\",\"url\":\"https:\/\/www.mcasablancas.com\/wp-content\/uploads\/2023\/03\/logo-casablancas.png\",\"contentUrl\":\"https:\/\/www.mcasablancas.com\/wp-content\/uploads\/2023\/03\/logo-casablancas.png\",\"width\":342,\"height\":94,\"caption\":\"Corredur\u00eda Casablancas\"},\"image\":{\"@id\":\"https:\/\/www.mcasablancas.com\/ca\/#\/schema\/logo\/image\/\"},\"sameAs\":[\"https:\/\/www.facebook.com\/CasablancasSeguros\/\",\"https:\/\/x.com\/casablancas_cb\"]}]}<\/script>\n<!-- \/ Yoast SEO plugin. -->","yoast_head_json":{"title":"Incapacitat laboral temporal de m\u00fasics i artistes - Corredur\u00eda Casablancas","robots":{"index":"index","follow":"follow","max-snippet":"max-snippet:-1","max-image-preview":"max-image-preview:large","max-video-preview":"max-video-preview:-1"},"canonical":"https:\/\/www.mcasablancas.com\/ca\/assegurances\/incapacitat-laboral-temporal-de-musics-i-artistes\/","og_locale":"ca_ES","og_type":"article","og_title":"Incapacitat laboral temporal de m\u00fasics i artistes - Corredur\u00eda Casablancas","og_description":"Asseguran\u00e7a imprescindible per a m\u00fasics i artistes que treballen per compte propi","og_url":"https:\/\/www.mcasablancas.com\/ca\/assegurances\/incapacitat-laboral-temporal-de-musics-i-artistes\/","og_site_name":"Corredur\u00eda Casablancas","article_publisher":"https:\/\/www.facebook.com\/CasablancasSeguros\/","article_modified_time":"2024-03-26T12:21:05+00:00","og_image":[{"width":1717,"height":1162,"url":"https:\/\/www.mcasablancas.com\/wp-content\/uploads\/2023\/11\/Incapacidad-laboral.png","type":"image\/png"}],"twitter_card":"summary_large_image","twitter_site":"@casablancas_cb","twitter_misc":{"Temps estimat de lectura":"1 minut"},"schema":{"@context":"https:\/\/schema.org","@graph":[{"@type":"WebPage","@id":"https:\/\/www.mcasablancas.com\/ca\/assegurances\/incapacitat-laboral-temporal-de-musics-i-artistes\/","url":"https:\/\/www.mcasablancas.com\/ca\/assegurances\/incapacitat-laboral-temporal-de-musics-i-artistes\/","name":"Incapacitat laboral temporal de m\u00fasics i artistes - Corredur\u00eda Casablancas","isPartOf":{"@id":"https:\/\/www.mcasablancas.com\/ca\/#website"},"primaryImageOfPage":{"@id":"https:\/\/www.mcasablancas.com\/ca\/assegurances\/incapacitat-laboral-temporal-de-musics-i-artistes\/#primaryimage"},"image":{"@id":"https:\/\/www.mcasablancas.com\/ca\/assegurances\/incapacitat-laboral-temporal-de-musics-i-artistes\/#primaryimage"},"thumbnailUrl":"https:\/\/www.mcasablancas.com\/wp-content\/uploads\/2023\/11\/Incapacidad-laboral.png","datePublished":"2023-11-24T12:35:15+00:00","dateModified":"2024-03-26T12:21:05+00:00","breadcrumb":{"@id":"https:\/\/www.mcasablancas.com\/ca\/assegurances\/incapacitat-laboral-temporal-de-musics-i-artistes\/#breadcrumb"},"inLanguage":"ca","potentialAction":[{"@type":"ReadAction","target":["https:\/\/www.mcasablancas.com\/ca\/assegurances\/incapacitat-laboral-temporal-de-musics-i-artistes\/"]}]},{"@type":"ImageObject","inLanguage":"ca","@id":"https:\/\/www.mcasablancas.com\/ca\/assegurances\/incapacitat-laboral-temporal-de-musics-i-artistes\/#primaryimage","url":"https:\/\/www.mcasablancas.com\/wp-content\/uploads\/2023\/11\/Incapacidad-laboral.png","contentUrl":"https:\/\/www.mcasablancas.com\/wp-content\/uploads\/2023\/11\/Incapacidad-laboral.png","width":1717,"height":1162},{"@type":"BreadcrumbList","@id":"https:\/\/www.mcasablancas.com\/ca\/assegurances\/incapacitat-laboral-temporal-de-musics-i-artistes\/#breadcrumb","itemListElement":[{"@type":"ListItem","position":1,"name":"Inici","item":"https:\/\/www.mcasablancas.com\/ca\/"},{"@type":"ListItem","position":2,"name":"Seguros","item":"https:\/\/www.mcasablancas.com\/ca\/assegurances\/"},{"@type":"ListItem","position":3,"name":"Incapacitat laboral temporal de m\u00fasics i artistes"}]},{"@type":"WebSite","@id":"https:\/\/www.mcasablancas.com\/ca\/#website","url":"https:\/\/www.mcasablancas.com\/ca\/","name":"Corredur\u00eda Casablancas","description":"Seguros para Instrumentos Musicales, Arte y Cultura","publisher":{"@id":"https:\/\/www.mcasablancas.com\/ca\/#organization"},"potentialAction":[{"@type":"SearchAction","target":{"@type":"EntryPoint","urlTemplate":"https:\/\/www.mcasablancas.com\/ca\/?s={search_term_string}"},"query-input":{"@type":"PropertyValueSpecification","valueRequired":true,"valueName":"search_term_string"}}],"inLanguage":"ca"},{"@type":"Organization","@id":"https:\/\/www.mcasablancas.com\/ca\/#organization","name":"Corredur\u00eda Casablancas","url":"https:\/\/www.mcasablancas.com\/ca\/","logo":{"@type":"ImageObject","inLanguage":"ca","@id":"https:\/\/www.mcasablancas.com\/ca\/#\/schema\/logo\/image\/","url":"https:\/\/www.mcasablancas.com\/wp-content\/uploads\/2023\/03\/logo-casablancas.png","contentUrl":"https:\/\/www.mcasablancas.com\/wp-content\/uploads\/2023\/03\/logo-casablancas.png","width":342,"height":94,"caption":"Corredur\u00eda Casablancas"},"image":{"@id":"https:\/\/www.mcasablancas.com\/ca\/#\/schema\/logo\/image\/"},"sameAs":["https:\/\/www.facebook.com\/CasablancasSeguros\/","https:\/\/x.com\/casablancas_cb"]}]}},"_links":{"self":[{"href":"https:\/\/www.mcasablancas.com\/ca\/wp-json\/wp\/v2\/seguros\/10869","targetHints":{"allow":["GET"]}}],"collection":[{"href":"https:\/\/www.mcasablancas.com\/ca\/wp-json\/wp\/v2\/seguros"}],"about":[{"href":"https:\/\/www.mcasablancas.com\/ca\/wp-json\/wp\/v2\/types\/seguros"}],"version-history":[{"count":4,"href":"https:\/\/www.mcasablancas.com\/ca\/wp-json\/wp\/v2\/seguros\/10869\/revisions"}],"predecessor-version":[{"id":11257,"href":"https:\/\/www.mcasablancas.com\/ca\/wp-json\/wp\/v2\/seguros\/10869\/revisions\/11257"}],"wp:featuredmedia":[{"embeddable":true,"href":"https:\/\/www.mcasablancas.com\/ca\/wp-json\/wp\/v2\/media\/10861"}],"wp:attachment":[{"href":"https:\/\/www.mcasablancas.com\/ca\/wp-json\/wp\/v2\/media?parent=10869"}],"curies":[{"name":"wp","href":"https:\/\/api.w.org\/{rel}","templated":true}]}}